{"id":928,"date":"2023-04-02T19:34:12","date_gmt":"2023-04-02T17:34:12","guid":{"rendered":"https:\/\/www.sigema.ch\/?page_id=928"},"modified":"2023-06-07T09:46:48","modified_gmt":"2023-06-07T07:46:48","slug":"service","status":"publish","type":"page","link":"https:\/\/www.sigema.ch\/en\/service\/","title":{"rendered":"Our Services"},"content":{"rendered":"<p>[et_pb_section fb_built=&#8221;1&#8243; fullwidth=&#8221;on&#8221; _builder_version=&#8221;4.4.1&#8243;][et_pb_fullwidth_slider _builder_version=&#8221;4.5.0&#8243; header_level=&#8221;h1&#8243; header_font=&#8221;||||||||&#8221; header_font_size=&#8221;46px&#8221;][et_pb_slide heading=&#8221;OUR SERVICES&#8221; use_bg_overlay=&#8221;off&#8221; use_text_overlay=&#8221;on&#8221; text_overlay_color=&#8221;rgba(0,32,96,0.83)&#8221; text_border_radius=&#8221;0px&#8221; _builder_version=&#8221;4.9.2&#8243; header_font=&#8221;|600|||||||&#8221; header_text_align=&#8221;right&#8221; header_text_color=&#8221;#ffffff&#8221; body_text_align=&#8221;center&#8221; body_text_color=&#8221;#4472c4&#8243; body_font_size=&#8221;32px&#8221; background_enable_color=&#8221;off&#8221; background_image=&#8221;https:\/\/www.sigema.ch\/wp-content\/uploads\/2020\/07\/banner-start.jpg&#8221; background_enable_image=&#8221;on&#8221; text_orientation=&#8221;right&#8221; header_font_size_tablet=&#8221;&#8221; header_font_size_phone=&#8221;26px&#8221; header_font_size_last_edited=&#8221;on|desktop&#8221; body_font_size_tablet=&#8221;&#8221; body_font_size_phone=&#8221;22px&#8221; body_font_size_last_edited=&#8221;on|phone&#8221; sticky_transition=&#8221;on&#8221;]<\/p>\n<p>NACHHALTIGE ERGEBNISSE.<\/p>\n<p>&nbsp;<\/p>\n<p>[\/et_pb_slide][\/et_pb_fullwidth_slider][\/et_pb_section][et_pb_section fb_built=&#8221;1&#8243; _builder_version=&#8221;4.4.1&#8243;][et_pb_row _builder_version=&#8221;4.4.1&#8243;][et_pb_column type=&#8221;4_4&#8243; _builder_version=&#8221;4.4.1&#8243;][et_pb_text _builder_version=&#8221;4.5.0&#8243;]<\/p>\n<h2>Gute L\u00f6sungen entstehen aus der Verbindung von Erfahrungen, einer breiten Expertise und Engagement.<\/h2>\n<h3>Effektiv. Zielf\u00fchrend. Ergebnisorientiert.<\/h3>\n<p>[\/et_pb_text][et_pb_text _builder_version=&#8221;4.9.2&#8243; _module_preset=&#8221;default&#8221;]<\/p>\n<h4>Gemeinsam bew\u00e4ltigen wir den Umgang mit Wandel. Egal ob Ihr Unternehmen eine Umstrukturierung durchmacht oder ob Sie die Digitalisierung in der Organisation voranbringen wollen. Wir sind agil und dynamisch und stets offen mit Ihnen gemeinsam die Herausforderungen zu meistern.<\/h4>\n<p>&nbsp;<\/p>\n<h4><strong>Interim Management als schnelle und zuverl\u00e4ssige L\u00f6sung um eine Vakanz zu \u00fcberbr\u00fccken.<br \/><\/strong><\/h4>\n<p>[\/et_pb_text][\/et_pb_column][\/et_pb_row][et_pb_row _builder_version=&#8221;4.5.0&#8243; _module_preset=&#8221;default&#8221;][et_pb_column type=&#8221;4_4&#8243; _builder_version=&#8221;4.5.0&#8243; _module_preset=&#8221;default&#8221;][et_pb_text _builder_version=&#8221;4.5.0&#8243; _module_preset=&#8221;default&#8221;]<\/p>\n<h3>Unsere Einsatzschwerpunkte<\/h3>\n<p>[\/et_pb_text][et_pb_divider _builder_version=&#8221;4.5.0&#8243; _module_preset=&#8221;default&#8221;][\/et_pb_divider][et_pb_text _builder_version=&#8221;4.9.2&#8243; _module_preset=&#8221;default&#8221; custom_padding=&#8221;5px|||||&#8221;]<\/p>\n<h3><strong>Restrukturierung und Turnaround.<\/strong><\/h3>\n<p>[\/et_pb_text][\/et_pb_column][\/et_pb_row][et_pb_row column_structure=&#8221;1_4,1_4,1_2&#8243; _builder_version=&#8221;4.5.0&#8243; _module_preset=&#8221;default&#8221; custom_padding=&#8221;||6px|||&#8221;][et_pb_column type=&#8221;1_4&#8243; _builder_version=&#8221;4.5.0&#8243; _module_preset=&#8221;default&#8221;][et_pb_image src=&#8221;https:\/\/www.sigema.ch\/wp-content\/uploads\/2020\/08\/Bild_3-F\u00fchrungsunterst\u00fctzung-SIGEMA-Management-AG.jpg&#8221; title_text=&#8221;Bild_3-F\u00fchrungsunterst\u00fctzung-SIGEMA Management AG&#8221; force_fullwidth=&#8221;on&#8221; _builder_version=&#8221;4.5.3&#8243; _module_preset=&#8221;default&#8221;][\/et_pb_image][\/et_pb_column][et_pb_column type=&#8221;1_4&#8243; _builder_version=&#8221;4.5.0&#8243; _module_preset=&#8221;default&#8221;][et_pb_text _builder_version=&#8221;4.9.2&#8243; _module_preset=&#8221;default&#8221;]<\/p>\n<h3 style=\"text-align: left;\"><strong>\u00a0<\/strong><\/h3>\n<h3>\u00a0<\/h3>\n<h3 class=\"font-bold text-8 sm:text-9 md:text-10 lg:text-11 lg:leading-[1.05em] xs:absolute lg:relative top-[2em] lg:top-0 z-50 xs:w-1\/2 leadin\" style=\"text-align: left;\">Den Turnaround aktiv meistern<\/h3>\n<p>&nbsp;<\/p>\n<p>[\/et_pb_text][\/et_pb_column][et_pb_column type=&#8221;1_2&#8243; _builder_version=&#8221;4.5.0&#8243; _module_preset=&#8221;default&#8221;][et_pb_text _builder_version=&#8221;4.9.2&#8243; _module_preset=&#8221;default&#8221;]<\/p>\n<p>Herausfordernde Situationen geh\u00f6ren zur Unternehmensgeschichte dazu, genauso wie der Erfolg. Ursachen daf\u00fcr k\u00f6nnen interne und externe Faktoren sein.<\/p>\n<p>In beiden F\u00e4llen ben\u00f6tigt es ein Ver\u00e4nderung (Change Management) \u2013 effektiv und langfristig ausgelegt. Speziell in Finanz- und Wirtschaftskrisen zeigt es sich, dass eine Sanierung auf rein finanzwirtschaftlicher Sanierungsmassnahmen nicht ausreicht.<br \/>Mein Ansatz ist ein ganzheitliches <strong>Restrukturierungskonzept<\/strong>; kombiniert aus drei wesentlichen Elementen, welche immer gemeinsam angegangen werden:<\/p>\n<ul>\n<li><strong>strategische Restrukturierung<\/strong><\/li>\n<li><strong>operative Restrukturierung <\/strong>und<\/li>\n<li><strong>finanzielle Restrukturierung<\/strong>.<\/li>\n<\/ul>\n<p>[\/et_pb_text][\/et_pb_column][\/et_pb_row][et_pb_row _builder_version=&#8221;4.9.2&#8243; _module_preset=&#8221;default&#8221; custom_padding=&#8221;0px|||||&#8221;][et_pb_column type=&#8221;4_4&#8243; _builder_version=&#8221;4.9.2&#8243; _module_preset=&#8221;default&#8221;][et_pb_text _builder_version=&#8221;4.9.2&#8243; _module_preset=&#8221;default&#8221; width=&#8221;100%&#8221; min_height=&#8221;152px&#8221; custom_margin=&#8221;|-162px||-3px||&#8221; custom_padding=&#8221;|0px||||&#8221;]<\/p>\n<p>Mit der Entwicklung eines Restrukturierungskonzeptes, wird zeitgleich auch die n\u00f6tige <strong>Transformation<\/strong> f\u00fcr die Zeit nach der akuten Krise eingeleitet, um so l\u00e4ngerfristige Wertsch\u00f6pfung zu schaffen, statt einfach nur kurzfristig die Symptome zu bek\u00e4mpfen.<\/p>\n<p>Als Interim Manager analysiere ich die Situation, erstelle ein auf Ihr Unternehmen zugeschnittenes Restrukturierungskonzept und setze es zeitnah mit Ihnen und Ihren Mitarbeitern gemeinsam um.<\/p>\n<p>[\/et_pb_text][et_pb_divider _builder_version=&#8221;4.5.0&#8243; _module_preset=&#8221;default&#8221;][\/et_pb_divider][\/et_pb_column][\/et_pb_row][et_pb_row _builder_version=&#8221;4.9.2&#8243; _module_preset=&#8221;default&#8221; custom_padding=&#8221;0px|||||&#8221;][et_pb_column type=&#8221;4_4&#8243; _builder_version=&#8221;4.9.2&#8243; _module_preset=&#8221;default&#8221;][et_pb_text _builder_version=&#8221;4.9.2&#8243; _module_preset=&#8221;default&#8221; custom_margin=&#8221;-50px||-19px|||&#8221;]<\/p>\n<h3>\u00a0<\/h3>\n<h3><strong>Zukunftsf\u00e4higkeit und Wandel gestalten<\/strong><\/h3>\n<p>&nbsp;<\/p>\n<p>[\/et_pb_text][\/et_pb_column][\/et_pb_row][et_pb_row column_structure=&#8221;1_4,1_4,1_2&#8243; _builder_version=&#8221;4.9.2&#8243; _module_preset=&#8221;default&#8221; custom_padding=&#8221;0px|||||&#8221;][et_pb_column type=&#8221;1_4&#8243; _builder_version=&#8221;4.5.0&#8243; _module_preset=&#8221;default&#8221;][et_pb_image src=&#8221;https:\/\/www.sigema.ch\/wp-content\/uploads\/2020\/08\/Bild_4-\u00dcbernahme-langfristiger-Verantwortung-SIGEMA-Management-AG.jpg&#8221; title_text=&#8221;Bild_4-\u00dcbernahme langfristiger Verantwortung-SIGEMA Management AG&#8221; force_fullwidth=&#8221;on&#8221; _builder_version=&#8221;4.5.3&#8243; _module_preset=&#8221;default&#8221;][\/et_pb_image][\/et_pb_column][et_pb_column type=&#8221;1_4&#8243; _builder_version=&#8221;4.5.0&#8243; _module_preset=&#8221;default&#8221;][et_pb_text _builder_version=&#8221;4.9.2&#8243; _module_preset=&#8221;default&#8221;]<\/p>\n<h3><strong>\u00a0<\/strong><\/h3>\n<h3>\u00a0<\/h3>\n<h3 style=\"text-align: left;\">Business Transformation Organisations- &amp; Unternehmens-entwicklung<\/h3>\n<p>&nbsp;<\/p>\n<p>[\/et_pb_text][\/et_pb_column][et_pb_column type=&#8221;1_2&#8243; _builder_version=&#8221;4.5.0&#8243; _module_preset=&#8221;default&#8221;][et_pb_text _builder_version=&#8221;4.9.2&#8243; _module_preset=&#8221;default&#8221; custom_padding=&#8221;0px|||1px||&#8221;]<\/p>\n<p>Business Transformation steht f\u00fcr eine rechtzeitige und ganzheitliche Neuausrichtung eines Unternehmens, mit dem Ziel der Unternehmenswertsteigerung.<\/p>\n<p>Die stetige Weiterentwicklung eines Unternehmens <strong>sichert den Erfolg und die Zukunft.<\/strong> Ich unterst\u00fctze Sie als Interim Manager aktiv dabei, die Organisations- und Unternehmensentwicklung, basierend auf einer zukunftsgerichteten und erfolgreichen Unternehmensstrategie, bei der <strong>Erschliessung neuer Chancen und M\u00e4rkte<\/strong>.<\/p>\n<p>Dabei setzten wir bei der Umsetzung auf neue und moderne Gesch\u00e4ftsmodelle, auf eine Unternehmenskultur mit lebenden Werten mit dem <strong>Ziel der Transformation zu einem agilen Unternehmen<\/strong>.\u00a0<\/p>\n<p>[\/et_pb_text][\/et_pb_column][\/et_pb_row][et_pb_row _builder_version=&#8221;4.9.2&#8243; _module_preset=&#8221;default&#8221; custom_padding=&#8221;0px|||||&#8221;][et_pb_column type=&#8221;4_4&#8243; _builder_version=&#8221;4.9.2&#8243; _module_preset=&#8221;default&#8221;][et_pb_text _builder_version=&#8221;4.9.2&#8243; _module_preset=&#8221;default&#8221; width=&#8221;100%&#8221; min_height=&#8221;83px&#8221; custom_margin=&#8221;|-162px||-3px||&#8221; custom_padding=&#8221;16px|0px||||&#8221;]<\/p>\n<p>Die Methoden beruhen auf <strong>agilen, interdisziplin\u00e4ren Ans\u00e4tzen<\/strong>. Denn die Neuausrichtung auf <strong>agile Denk- und Verhaltensweisen<\/strong> sowie das Gestalten <strong>agilit\u00e4tsf\u00f6rderlicher Strukturen<\/strong> bewirken entscheidende <strong>strategische Wettbewerbsvorteile<\/strong>. Dies verbessert die betriebliche Kommunikation, erreicht eine h\u00f6here Lernbereitschaft und Lerngeschwindigkeit. Daraus entwickeln sich schnellere Entscheidungsprozesse und Anpassungen sind wichtige Hebel f\u00fcr die Agilit\u00e4t.<\/p>\n<p>&nbsp;<\/p>\n<p>[\/et_pb_text][\/et_pb_column][\/et_pb_row][et_pb_row _builder_version=&#8221;4.9.2&#8243; _module_preset=&#8221;default&#8221;][et_pb_column type=&#8221;4_4&#8243; _builder_version=&#8221;4.9.2&#8243; _module_preset=&#8221;default&#8221;][et_pb_divider _builder_version=&#8221;4.5.0&#8243; _module_preset=&#8221;default&#8221;][\/et_pb_divider][et_pb_text _builder_version=&#8221;4.9.2&#8243; _module_preset=&#8221;default&#8221;]<\/p>\n<h3><strong>Transformation Nachhaltigkeit.<\/strong><\/h3>\n<p>[\/et_pb_text][\/et_pb_column][\/et_pb_row][et_pb_row column_structure=&#8221;1_4,1_4,1_2&#8243; _builder_version=&#8221;4.5.0&#8243; _module_preset=&#8221;default&#8221;][et_pb_column type=&#8221;1_4&#8243; _builder_version=&#8221;4.5.0&#8243; _module_preset=&#8221;default&#8221;][et_pb_image src=&#8221;https:\/\/www.sigema.ch\/wp-content\/uploads\/2020\/08\/Bild_1-Restrukturierung-SIGEMA-Management-AG.jpg&#8221; title_text=&#8221;Bild_1-Restrukturierung-SIGEMA Management AG&#8221; force_fullwidth=&#8221;on&#8221; _builder_version=&#8221;4.9.2&#8243; _module_preset=&#8221;default&#8221;][\/et_pb_image][\/et_pb_column][et_pb_column type=&#8221;1_4&#8243; _builder_version=&#8221;4.5.0&#8243; _module_preset=&#8221;default&#8221;][et_pb_text _builder_version=&#8221;4.9.2&#8243; _module_preset=&#8221;default&#8221;]<\/p>\n<h3><strong>\u00a0<\/strong><\/h3>\n<h3>\u00a0<\/h3>\n<h3 style=\"text-align: left;\">Wertsch\u00f6pfung durch ESG &amp; Verantwortung als Chance<\/h3>\n<p>[\/et_pb_text][\/et_pb_column][et_pb_column type=&#8221;1_2&#8243; _builder_version=&#8221;4.9.2&#8243; _module_preset=&#8221;default&#8221;][et_pb_text _builder_version=&#8221;4.9.2&#8243; _module_preset=&#8221;default&#8221;]<\/p>\n<p>Die Transformation zur Nachhaltigkeit hat das grosse Ziel, die Lebensgrundlagen der Menschheit langfristig zu sichern. Gleichzeitig stellt es weltweit, \u00fcber alle Industrien hinweg, f\u00fcr Unternehmen eine strategische und operative Herausforderung dar.<\/p>\n<p>Die Aufgabe: <strong>\u00d6kologische und soziale Verantwortung mit wirtschaftlichem Erfolg in Einklang bringen<\/strong>.<\/p>\n<p>Ich unterst\u00fctze Sie gerne, zuk\u00fcnftig nachhaltig und transparent zu wirtschaften: Von <strong>der Strategie<\/strong>, \u00fcber <strong>die Umsetzung<\/strong> zur <strong>Berichterstattung<\/strong>.<\/p>\n<p><strong>Folgende Themen gehen wir gemeinsam an:<\/strong><\/p>\n<ul>\n<li>Ist das Thema ESG ein Bestandteil der derzeitigen Unternehmensstrategie?<\/li>\n<li>Wie steigert man mit nachhaltigen Produkten und Dienstleistungen die Renditen?<\/li>\n<li>Wie gewinnt man das gesamte Team gem\u00e4ss der ESG-Strategie zu handeln?<\/li>\n<li>Wie bewertet, quantifiziert und modelliert man ESG-Risiken?<\/li>\n<li>Wie definiert und optimiert man die ESG-Berichtserstattung?<\/li>\n<\/ul>\n<p>[\/et_pb_text][\/et_pb_column][\/et_pb_row][\/et_pb_section][et_pb_section fb_built=&#8221;1&#8243; _builder_version=&#8221;4.5.3&#8243; _module_preset=&#8221;default&#8221; background_color=&#8221;#f1f1f1&#8243; custom_padding=&#8221;||54px|||&#8221;][et_pb_row column_structure=&#8221;2_3,1_3&#8243; _builder_version=&#8221;4.9.2&#8243; _module_preset=&#8221;default&#8221;][et_pb_column type=&#8221;2_3&#8243; _builder_version=&#8221;4.9.2&#8243; _module_preset=&#8221;default&#8221;][et_pb_text _builder_version=&#8221;4.9.2&#8243; _module_preset=&#8221;default&#8221;]<\/p>\n<h3><strong>Branchen<\/strong><\/h3>\n<p>&#8211; Maschinen- und Anlagenbau (Verfahrenstechnik)<br \/>&#8211; Sondermaschinenbau (Widerstandschweissanlagen, Drahtindustrie)<br \/>&#8211; MOCVO Anlagenbau (Massenproduktionsanlagen, MICRO LED)<br \/>&#8211; Fahrzeugbau (Fliessbandfertigung, Baustellenfahrzeuge)<br \/>&#8211; Lohnfertigung Zerspanungstechnik (Fr\u00e4sen und Drehen)<br \/>&#8211; B2B Online-Vertrieb technischer Ersatzteile<br \/>&#8211; Steuerungsbau, Programmierung (SPS-Systeme) und Schaltschrankbau<br \/>&#8211; Stahlindustrie (rein metallische Rohr-Pressverbindungen)<br \/>&#8211; Investitionsg\u00fcterfinanzierung und Leasing<\/p>\n<p>[\/et_pb_text][\/et_pb_column][et_pb_column type=&#8221;1_3&#8243; _builder_version=&#8221;4.9.2&#8243; _module_preset=&#8221;default&#8221;][et_pb_text _builder_version=&#8221;4.9.2&#8243; _module_preset=&#8221;default&#8221; custom_padding=&#8221;1px|||2px||&#8221;]<\/p>\n<h3 class=\"fusion-title title fusion-title-3 fusion-title-text fusion-title-size-three\" style=\"margin-top: 10px; margin-bottom: 10px;\"><strong>Funktionen<\/strong><\/h3>\n<div>\n<div class=\"fusion-text\">\n<p>&#8211; Verwaltungsrat<br \/>&#8211; CEO und COO<br \/>&#8211; Projektleiter<br \/>&#8211; Programmmanager<br \/>&#8211; Produktmanager<br \/>&#8211; Leiter Vertrieb und Marketing<br \/>&#8211; Strategischer Eink\u00e4ufer<br \/>&#8211; Beratungsfunktion<\/p>\n<\/div>\n<\/div>\n<p>[\/et_pb_text][\/et_pb_column][\/et_pb_row][\/et_pb_section]<\/p>\n","protected":false},"excerpt":{"rendered":"<p>NACHHALTIGE ERGEBNISSE. &nbsp;Gute L\u00f6sungen entstehen aus der Verbindung von Erfahrungen, einer breiten Expertise und Engagement. Effektiv. Zielf\u00fchrend. Ergebnisorientiert.Gemeinsam bew\u00e4ltigen wir den Umgang mit Wandel. Egal ob Ihr Unternehmen eine Umstrukturierung durchmacht oder ob Sie die Digitalisierung in der Organisation voranbringen wollen. Wir sind agil und dynamisch und stets offen mit Ihnen gemeinsam die Herausforderungen zu [&hellip;]<\/p>\n","protected":false},"author":1,"featured_media":0,"parent":0,"menu_order":0,"comment_status":"closed","ping_status":"closed","template":"","meta":{"_et_pb_use_builder":"on","_et_pb_old_content":"","_et_gb_content_width":"","footnotes":""},"_links":{"self":[{"href":"https:\/\/www.sigema.ch\/en\/wp-json\/wp\/v2\/pages\/928"}],"collection":[{"href":"https:\/\/www.sigema.ch\/en\/wp-json\/wp\/v2\/pages"}],"about":[{"href":"https:\/\/www.sigema.ch\/en\/wp-json\/wp\/v2\/types\/page"}],"author":[{"embeddable":true,"href":"https:\/\/www.sigema.ch\/en\/wp-json\/wp\/v2\/users\/1"}],"replies":[{"embeddable":true,"href":"https:\/\/www.sigema.ch\/en\/wp-json\/wp\/v2\/comments?post=928"}],"version-history":[{"count":10,"href":"https:\/\/www.sigema.ch\/en\/wp-json\/wp\/v2\/pages\/928\/revisions"}],"predecessor-version":[{"id":1053,"href":"https:\/\/www.sigema.ch\/en\/wp-json\/wp\/v2\/pages\/928\/revisions\/1053"}],"wp:attachment":[{"href":"https:\/\/www.sigema.ch\/en\/wp-json\/wp\/v2\/media?parent=928"}],"curies":[{"name":"wp","href":"https:\/\/api.w.org\/{rel}","templated":true}]}}